{"id":198,"date":"2024-12-02T18:09:17","date_gmt":"2024-12-02T17:09:17","guid":{"rendered":"https:\/\/www.qualitycreation.eu\/?page_id=198"},"modified":"2025-01-11T17:06:24","modified_gmt":"2025-01-11T16:06:24","slug":"about-us","status":"publish","type":"page","link":"https:\/\/www.qualitycreation.eu\/de\/about-us\/","title":{"rendered":"Team"},"content":{"rendered":"\r\n<figure class=\"wp-block-image size-large is-resized\"><img loading=\"lazy\" decoding=\"async\" width=\"948\" height=\"727\" src=\"https:\/\/www.qualitycreation.eu\/wp-content\/uploads\/2024\/12\/KuressaareAmetikool_w-e1733173269703.jpg\" alt=\"\" class=\"wp-image-221\" style=\"width:275px;height:auto\" srcset=\"https:\/\/www.qualitycreation.eu\/wp-content\/uploads\/2024\/12\/KuressaareAmetikool_w-e1733173269703.jpg 948w, https:\/\/www.qualitycreation.eu\/wp-content\/uploads\/2024\/12\/KuressaareAmetikool_w-e1733173269703-300x230.jpg 300w, https:\/\/www.qualitycreation.eu\/wp-content\/uploads\/2024\/12\/KuressaareAmetikool_w-e1733173269703-768x589.jpg 768w\" sizes=\"auto, (max-width: 948px) 100vw, 948px\" \/><\/figure>\r\n\r\n\r\n\r\n<p>Kuressaare Ametikool (KRTC) ist ein regionales Berufsbildungszentrum mit 147 Mitarbeitern (einschlie\u00dflich 86 Lehrkr\u00e4ften), das berufliche Erst- und Zusatzausbildungen (EQR-Stufen 3-5) sowie Umschulungen in 15 verschiedenen Berufsbereichen anbietet, darunter vor allem in den Bereichen Tourismus, Gastronomie und Design. Es gibt ca. 800 regul\u00e4re Sch\u00fcler in der Oberstufe und nach der Sekundarstufe, aber auch ca. 1000 erwachsene Sch\u00fcler pro Jahr in verschiedenen Kursen der Erwachsenenbildung. Wir bieten auch Kurse f\u00fcr Menschen mit besonderen Bed\u00fcrfnissen an. Das KRTC verf\u00fcgt \u00fcber bemerkenswerte Erfahrungen in der Zusammenarbeit mit lokalen Unternehmen und dem Arbeitsamt. Eine der Aufgaben von KRTC besteht darin, die Tutoren in den Unternehmen zu schulen und die Unternehmen zu bewerten und zu akkreditieren, bevor die Studenten in ein Arbeitsverh\u00e4ltnis vermittelt werden. KRTC setzt die Grunds\u00e4tze des Qualit\u00e4tsmanagements um und hat an Wettbewerben f\u00fcr den Qualit\u00e4tspreis f\u00fcr Berufsbildungseinrichtungen in Estland teilgenommen. Seit 2011 ist KRTC in das Qualit\u00e4tssicherungsprogramm der estnischen Berufsbildungseinrichtungen eingebunden, alle unsere Lehrplangruppen (Berufsbereiche) sind akkreditiert. KRTC ist Mitglied des Europ\u00e4ischen Verbands der Hotel- und Tourismusschulen (http:\/\/www.aeht.lu\/).<\/p>\r\n\r\n\r\n\r\n<p><a href=\"http:\/\/www.ametikool.ee\"><strong>www.ametikool.ee<\/strong><\/a><\/p>\r\n\r\n\r\n\r\n<figure class=\"wp-block-image size-large is-resized\"><img loading=\"lazy\" decoding=\"async\" width=\"1024\" height=\"330\" src=\"https:\/\/www.qualitycreation.eu\/wp-content\/uploads\/2024\/12\/JA-Estonia-e1733172788131-1024x330.png\" alt=\"\" class=\"wp-image-222\" style=\"width:464px;height:auto\" srcset=\"https:\/\/www.qualitycreation.eu\/wp-content\/uploads\/2024\/12\/JA-Estonia-e1733172788131-1024x330.png 1024w, https:\/\/www.qualitycreation.eu\/wp-content\/uploads\/2024\/12\/JA-Estonia-e1733172788131-300x97.png 300w, https:\/\/www.qualitycreation.eu\/wp-content\/uploads\/2024\/12\/JA-Estonia-e1733172788131-768x248.png 768w, https:\/\/www.qualitycreation.eu\/wp-content\/uploads\/2024\/12\/JA-Estonia-e1733172788131-1536x495.png 1536w, https:\/\/www.qualitycreation.eu\/wp-content\/uploads\/2024\/12\/JA-Estonia-e1733172788131-2048x660.png 2048w\" sizes=\"auto, (max-width: 1024px) 100vw, 1024px\" \/><\/figure>\r\n\r\n\r\n\r\n<p>Junior Achievementi Eesti (JA Estland) ist eine gemeinn\u00fctzige Nichtregierungsorganisation, die ihre T\u00e4tigkeit in Estland 1992 aufnahm, in ihrer jetzigen Rechtsform im Jahr 1994. JA Estland ist der gr\u00f6\u00dfte und bekannteste Anbieter von Programmen zur Erziehung zum Unternehmertum, zur Vermittlung von Finanzwissen und zur in 220 Schulen in Estland, darunter 10 berufsbildende Schulen, und verf\u00fcgt \u00fcber ein gut ausgebautes Netz von akademischen und berufsbildenden Schulen in ganz Estland, sowohl in St\u00e4dten als auch in kleinen l\u00e4ndlichen Gebieten. JA Estland entwickelt Lernprogramme und Lernmaterialien, schult die Lehrer, die die Programme in den Schulen unterrichten sollen, und organisiert Studien- und Motivationsveranstaltungen f\u00fcr Lehrer und Sch\u00fcler, um deren Interesse an der Nutzung dieser Programme zu f\u00f6rdern. J\u00e4hrlich nehmen 14.000 Sch\u00fcler in 220 Schulen in verschiedenen Altersstufen teil. <\/p>\r\n\r\n\r\n\r\n<p><a href=\"www.ja.ee\"><strong>www.ja.ee<\/strong><\/a><\/p>\r\n\r\n\r\n\r\n<figure class=\"wp-block-image size-large is-resized\"><img loading=\"lazy\" decoding=\"async\" width=\"1024\" height=\"451\" src=\"https:\/\/www.qualitycreation.eu\/wp-content\/uploads\/2024\/12\/Epralima_Projetos_sem-fundo-e1733172723655-1024x451.png\" alt=\"\" class=\"wp-image-223\" style=\"width:299px;height:auto\" srcset=\"https:\/\/www.qualitycreation.eu\/wp-content\/uploads\/2024\/12\/Epralima_Projetos_sem-fundo-e1733172723655-1024x451.png 1024w, https:\/\/www.qualitycreation.eu\/wp-content\/uploads\/2024\/12\/Epralima_Projetos_sem-fundo-e1733172723655-300x132.png 300w, https:\/\/www.qualitycreation.eu\/wp-content\/uploads\/2024\/12\/Epralima_Projetos_sem-fundo-e1733172723655-768x338.png 768w, https:\/\/www.qualitycreation.eu\/wp-content\/uploads\/2024\/12\/Epralima_Projetos_sem-fundo-e1733172723655-1536x676.png 1536w, https:\/\/www.qualitycreation.eu\/wp-content\/uploads\/2024\/12\/Epralima_Projetos_sem-fundo-e1733172723655-2048x901.png 2048w\" sizes=\"auto, (max-width: 1024px) 100vw, 1024px\" \/><\/figure>\r\n\r\n\r\n\r\n<p>EPRALIMA &#8211; Escola Profissional do Alto Lima wurde als gemeinn\u00fctzige Genossenschaft mit beschr\u00e4nkter Haftung gegr\u00fcndet und befindet sich im Besitz der Stadtverwaltung von Arcos de Valdevez, der Stadtverwaltung von Ponte da Barca und der ACIAB &#8211; Handels- und Industrievereinigung von Arcos de Valdevez und Ponte da Barca. EPRALIMA ist eine private Bildungsgenossenschaft ohne Erwerbszweck, die sich zum Ziel gesetzt hat, die Ausbildung von Jugendlichen und Erwachsenen durch eine angemessene Berufsausbildung aufzuwerten. Bei der Aus\u00fcbung ihrer T\u00e4tigkeit unterliegt EPRALIMA der wissenschaftlichen, p\u00e4dagogischen und funktionalen Aufsicht des Bildungsministeriums. EPRALIMA steht unter der wissenschaftlichen, p\u00e4dagogischen und funktionalen Aufsicht des Bildungsministeriums, wird aus \u00f6ffentlichen Mitteln finanziert und st\u00fctzt sich auf ein gemeinde\u00fcbergreifendes Entwicklungsprojekt, das folgende Ziele verfolgt: Ausbildung von Fachkr\u00e4ften, die f\u00fcr die lokale Entwicklung ben\u00f6tigt werden; Beitrag zur Verringerung der Schulabbrecherquote und des Schulversagens; Beitrag zu einer Gesellschaft, die die Person und die Menschenw\u00fcrde als Grundwerte in den Mittelpunkt stellt, und zur Wiederbelebung des sozialen Umfelds auf der Grundlage der Werte der Chancengleichheit.<\/p>\r\n\r\n\r\n\r\n<p><a href=\"http:\/\/www.epralima.com\/\"><strong>www.epralima.com<\/strong><\/a><\/p>\r\n\r\n\r\n\r\n<figure class=\"wp-block-image size-large is-resized\"><img loading=\"lazy\" decoding=\"async\" width=\"1024\" height=\"510\" src=\"https:\/\/www.qualitycreation.eu\/wp-content\/uploads\/2024\/12\/brainplus-Logo-e1733172767625-1024x510.jpg\" alt=\"\" class=\"wp-image-225\" style=\"width:300px;height:auto\" srcset=\"https:\/\/www.qualitycreation.eu\/wp-content\/uploads\/2024\/12\/brainplus-Logo-e1733172767625-1024x510.jpg 1024w, https:\/\/www.qualitycreation.eu\/wp-content\/uploads\/2024\/12\/brainplus-Logo-e1733172767625-300x149.jpg 300w, https:\/\/www.qualitycreation.eu\/wp-content\/uploads\/2024\/12\/brainplus-Logo-e1733172767625-768x382.jpg 768w, https:\/\/www.qualitycreation.eu\/wp-content\/uploads\/2024\/12\/brainplus-Logo-e1733172767625.jpg 1273w\" sizes=\"auto, (max-width: 1024px) 100vw, 1024px\" \/><\/figure>\r\n\r\n\r\n\r\n<p>Brainplus GmbH ist ein \u00f6sterreichisches Unternehmen, das in verschiedenen Bildungsbereichen wie Berufsbildung, Erwachsenen- und Jugendbildung t\u00e4tig ist. Die Schwerpunkte der Trainings sind recht breit gef\u00e4chert und werden meist auf die Bed\u00fcrfnisse der der Zielgruppe zugeschnitten. Die Hauptzielgruppen von brainplus sind Nichtregierungsorganisationen in verschiedenen sozialen Bereichen, Jugendarbeiter und Schulungen f\u00fcr Menschen mit Behinderungen. Durch die B\u00fcndelung aller Dienstleistungen, Kompetenzen und F\u00e4higkeiten ist brainplus zu einem wichtigen Akteur in der lokalen und regionalen Bildungsszene in der Steiermark\/\u00d6sterreich geworden und verf\u00fcgt \u00fcber zahlreiche Kontakte zu regionalen, nationalen und europ\u00e4ischen Stakeholdern in den Bereichen Bildung und Ausbildung sowie Unternehmensentwicklung. Brainplus ist auch Mitglied in drei internationalen EU-weiten Ausbildungsnetzwerken (EURORESO, ENSIM und ENTER).<\/p>\r\n\r\n\r\n\r\n<p><a href=\"http:\/\/www.brainplus.at\"><strong>www.brainplus.at<\/strong><\/a><\/p>\r\n\r\n\r\n\r\n<div style=\"height:16px\" aria-hidden=\"true\" class=\"wp-block-spacer\"><\/div>\r\n\r\n\r\n\r\n<figure class=\"wp-block-image size-large is-resized\"><img loading=\"lazy\" decoding=\"async\" width=\"1024\" height=\"385\" src=\"https:\/\/www.qualitycreation.eu\/wp-content\/uploads\/2024\/12\/Logo-Camara-1-1024x385.jpg\" alt=\"\" class=\"wp-image-226\" style=\"width:257px;height:auto\" srcset=\"https:\/\/www.qualitycreation.eu\/wp-content\/uploads\/2024\/12\/Logo-Camara-1-1024x385.jpg 1024w, https:\/\/www.qualitycreation.eu\/wp-content\/uploads\/2024\/12\/Logo-Camara-1-300x113.jpg 300w, https:\/\/www.qualitycreation.eu\/wp-content\/uploads\/2024\/12\/Logo-Camara-1-768x289.jpg 768w, https:\/\/www.qualitycreation.eu\/wp-content\/uploads\/2024\/12\/Logo-Camara-1-1536x578.jpg 1536w, https:\/\/www.qualitycreation.eu\/wp-content\/uploads\/2024\/12\/Logo-Camara-1-2048x770.jpg 2048w\" sizes=\"auto, (max-width: 1024px) 100vw, 1024px\" \/><\/figure>\r\n\r\n\r\n\r\n<p>Die Offizielle Handels-, Industrie-, Dienstleistungs- und Schifffahrtskammer von Sevilla (CCSEV) ist eine gemeinn\u00fctzige K\u00f6rperschaft des \u00f6ffentlichen Rechts, die per Gesetz als beratendes Organ f\u00fcr die Zusammenarbeit mit den Beh\u00f6rden eingerichtet wurde und gegen\u00fcber diesen die allgemeinen Interessen ihrer Mitgliedsunternehmen (derzeit etwa 110000 Unternehmen) vertritt. CCSEV f\u00f6rdert die Entwicklung von Unternehmen, Unternehmertum, Internationalisierung und Innovation durch verschiedene Dienstleistungen und Aktivit\u00e4ten. CCSEV arbeitet in enger CCSEV arbeitet eng mit der andalusischen Regionalregierung im Bereich der Arbeitsvermittlung zusammen und verf\u00fcgt \u00fcber ein umfangreiches Schulungsprogramm mit verschiedenen Kursen f\u00fcr Unternehmer, Fachkr\u00e4fte, Arbeitnehmer und Arbeitslose. Dar\u00fcber hinaus verwaltet die Handelskammer von Sevilla eine eigene Business School, ein Berufsbildungszentrum und ein Universit\u00e4tszentrum mit Sitz in Sevilla und mehr als 1.300 Studenten, die neben der spezifischen Ausbildung in ihren verschiedenen Lehrpl\u00e4nen auch eine auf die Gesch\u00e4ftswelt und den Markt ausgerichtete Ausbildung erhalten.<\/p>\r\n\r\n\r\n\r\n<p><a href=\"http:\/\/www.camaradesevilla.com\"><strong>www.camaradesevilla.com<\/strong><\/a><\/p>\r\n\r\n\r\n\r\n<figure class=\"wp-block-image size-large is-resized\"><img loading=\"lazy\" decoding=\"async\" width=\"1024\" height=\"358\" src=\"https:\/\/www.qualitycreation.eu\/wp-content\/uploads\/2024\/12\/logo-png-e1733172686223-1024x358.png\" alt=\"\" class=\"wp-image-228\" style=\"width:312px;height:auto\" srcset=\"https:\/\/www.qualitycreation.eu\/wp-content\/uploads\/2024\/12\/logo-png-e1733172686223-1024x358.png 1024w, https:\/\/www.qualitycreation.eu\/wp-content\/uploads\/2024\/12\/logo-png-e1733172686223-300x105.png 300w, https:\/\/www.qualitycreation.eu\/wp-content\/uploads\/2024\/12\/logo-png-e1733172686223-768x268.png 768w, https:\/\/www.qualitycreation.eu\/wp-content\/uploads\/2024\/12\/logo-png-e1733172686223.png 1150w\" sizes=\"auto, (max-width: 1024px) 100vw, 1024px\" \/><\/figure>\r\n\r\n\r\n\r\n<p>Die Universit\u00e4t Neapel Federico II. war die erste \u00f6ffentlich finanzierte Universit\u00e4t in Europa und wurde 1224 durch eine kaiserliche Charta von Friedrich II. von Hohenstaufen, K\u00f6nig von Sizilien und Kaiser des Heiligen R\u00f6mischen Reiches, gegr\u00fcndet. Heute bietet die Universit\u00e4t Kurse in fast allen akademischen Disziplinen an, die zu einhundertf\u00fcnfundf\u00fcnfzig akademischen Abschl\u00fcssen f\u00fchren. Alle diese Studieng\u00e4nge werden durch Forschungseinrichtungen unterst\u00fctzt. Die Studierenden haben die M\u00f6glichkeit, sich sowohl intellektuell weiterzuentwickeln als auch berufliche F\u00e4higkeiten zu erwerben. Derzeit sind fast 90.000 Studenten eingeschrieben, und die Zahl der akademischen Mitarbeiter betr\u00e4gt derzeit 3.121.<br>Die Fakult\u00e4t f\u00fcr Politikwissenschaft ist eine der neuen 26 Fakult\u00e4ten der Universit\u00e4t Neapel Federico II. Didaktik und Forschung sind von einem multidisziplin\u00e4ren Ansatz inspiriert, der geeignet ist, ein breiteres Verst\u00e4ndnis sozialer Fragen zu erlangen, um den zeitgen\u00f6ssischen Herausforderungen zu begegnen. Die aktuellen Kurse des Fachbereichs Politikwissenschaft dienen der Erlangung von Fachkenntnissen, die der Entwicklung des sozio\u00f6konomischen Systems und des Arbeitsmarktes entsprechen und qualifizierte Besch\u00e4ftigungsm\u00f6glichkeiten f\u00f6rdern.<\/p>\r\n\r\n\r\n\r\n<p><a href=\"http:\/\/www.scienzepolitiche.unina.it\/\"><strong>www.scienzepolitiche.unina.it<\/strong><\/a><\/p>\r\n\r\n\r\n\r\n<div style=\"height:16px\" aria-hidden=\"true\" class=\"wp-block-spacer\"><\/div>\r\n\r\n\r\n\r\n<figure class=\"wp-block-image size-large is-resized\"><img loading=\"lazy\" decoding=\"async\" width=\"1024\" height=\"161\" src=\"https:\/\/www.qualitycreation.eu\/wp-content\/uploads\/2024\/12\/JanusOcol-1024x161.png\" alt=\"\" class=\"wp-image-229\" style=\"width:289px;height:auto\" srcset=\"https:\/\/www.qualitycreation.eu\/wp-content\/uploads\/2024\/12\/JanusOcol-1024x161.png 1024w, https:\/\/www.qualitycreation.eu\/wp-content\/uploads\/2024\/12\/JanusOcol-300x47.png 300w, https:\/\/www.qualitycreation.eu\/wp-content\/uploads\/2024\/12\/JanusOcol-768x121.png 768w, https:\/\/www.qualitycreation.eu\/wp-content\/uploads\/2024\/12\/JanusOcol-1536x242.png 1536w, https:\/\/www.qualitycreation.eu\/wp-content\/uploads\/2024\/12\/JanusOcol.png 2000w\" sizes=\"auto, (max-width: 1024px) 100vw, 1024px\" \/><\/figure>\r\n\r\n\r\n\r\n<p>JANUS s.r.l. ist ein italienisches Unternehmen in Privatbesitz, das innovative Softwareanwendungen f\u00fcr \u00f6ffentliche und private Einrichtungen in den Bereichen Kultur, Bildung und Ausbildung sowie f\u00fcr Unternehmen erstellt und entwickelt. JANUS gew\u00e4hrleistet die Kompatibilit\u00e4t seiner Produkte mit jeder Art von Netzwerk (Internet, Intranet und\/oder Extranet). Die vom Unternehmen angebotenen Dienstleistungen umfassen auch Grafikdesign und digitale\/multimediale Produktion. Alle Dienstleistungen von JANUS werden durch Hilfestellung, technische Handb\u00fccher und Schulungen unterst\u00fctzt. Zu den erfolgreichen Produktionen von JANUS geh\u00f6ren \u201eAmaMusei\u201c und \u201eAmacitt\u00e0\u201c, bestehend aus einer integrierten Plattform und Apps, die auf der BAC &#8211; Beacon Access Control basieren. Beide Produkte werden von einer gro\u00dfen Anzahl von Museen und Gemeinden in Italien genutzt.<\/p>\r\n\r\n\r\n\r\n<p><a href=\"http:\/\/www.janus.it\/\"><strong>www.janus.it<\/strong><\/a><\/p>\r\n\r\n\r\n\r\n<p><\/p>\r\n","protected":false},"excerpt":{"rendered":"<p>Kuressaare Ametikool (KRTC) ist ein regionales Berufsbildungszentrum mit 147 Mitarbeitern (einschlie\u00dflich 86 Lehrkr\u00e4ften), das berufliche Erst- und Zusatzausbildungen<\/p>\n","protected":false},"author":1,"featured_media":0,"parent":0,"menu_order":0,"comment_status":"closed","ping_status":"closed","template":"","meta":{"footnotes":""},"class_list":["post-198","page","type-page","status-publish","hentry"],"_links":{"self":[{"href":"https:\/\/www.qualitycreation.eu\/de\/wp-json\/wp\/v2\/pages\/198","targetHints":{"allow":["GET"]}}],"collection":[{"href":"https:\/\/www.qualitycreation.eu\/de\/wp-json\/wp\/v2\/pages"}],"about":[{"href":"https:\/\/www.qualitycreation.eu\/de\/wp-json\/wp\/v2\/types\/page"}],"author":[{"embeddable":true,"href":"https:\/\/www.qualitycreation.eu\/de\/wp-json\/wp\/v2\/users\/1"}],"replies":[{"embeddable":true,"href":"https:\/\/www.qualitycreation.eu\/de\/wp-json\/wp\/v2\/comments?post=198"}],"version-history":[{"count":10,"href":"https:\/\/www.qualitycreation.eu\/de\/wp-json\/wp\/v2\/pages\/198\/revisions"}],"predecessor-version":[{"id":1422,"href":"https:\/\/www.qualitycreation.eu\/de\/wp-json\/wp\/v2\/pages\/198\/revisions\/1422"}],"wp:attachment":[{"href":"https:\/\/www.qualitycreation.eu\/de\/wp-json\/wp\/v2\/media?parent=198"}],"curies":[{"name":"wp","href":"https:\/\/api.w.org\/{rel}","templated":true}]}}